{"id":1223,"date":"2025-07-20T18:13:52","date_gmt":"2025-07-20T18:13:52","guid":{"rendered":"http:\/\/les-jardins-du-bien-etre.com\/?page_id=1223"},"modified":"2025-09-08T16:21:24","modified_gmt":"2025-09-08T16:21:24","slug":"enrichir-sa-maniere-de-voir","status":"publish","type":"page","link":"http:\/\/les-jardins-du-bien-etre.com\/?page_id=1223","title":{"rendered":"Enrichir sa mani\u00e8re de voir"},"content":{"rendered":"<div id=\"pl-1223\"  class=\"panel-layout\" ><div id=\"pg-1223-0\"  class=\"panel-grid panel-no-style\" ><div id=\"pgc-1223-0-0\"  class=\"panel-grid-cell\" ><div id=\"panel-1223-0-0-0\" class=\"so-panel widget widget_headline-widget panel-first-child panel-last-child\" data-index=\"0\" >\t\t<h1>Enrichir sa mani\u00e8re de voir<\/h1>\n\t\t<div class=\"decoration\"><div class=\"decoration-inside\"><\/div><\/div>\n\t\t<h3>Observer, comprendre et retranscrire ce que je vois .<\/h3>\n\t\t<\/div><\/div><\/div><div id=\"pg-1223-1\"  class=\"panel-grid panel-no-style\" ><div id=\"pgc-1223-1-0\"  class=\"panel-grid-cell\" ><div id=\"panel-1223-1-0-0\" class=\"so-panel widget widget_sow-image panel-first-child panel-last-child\" data-index=\"1\" ><div\n\t\t\t\n\t\t\tclass=\"so-widget-sow-image so-widget-sow-image-default-c67d20f9f743-1223\"\n\t\t\t\n\t\t>\n<div class=\"sow-image-container\">\n\t\t<img \n\tsrc=\"http:\/\/les-jardins-du-bien-etre.com\/wp-content\/uploads\/2024\/05\/baniere_127-768x284.jpg\" width=\"720\" height=\"266\" srcset=\"http:\/\/les-jardins-du-bien-etre.com\/wp-content\/uploads\/2024\/05\/baniere_127-768x284.jpg 768w, http:\/\/les-jardins-du-bien-etre.com\/wp-content\/uploads\/2024\/05\/baniere_127-300x111.jpg 300w, http:\/\/les-jardins-du-bien-etre.com\/wp-content\/uploads\/2024\/05\/baniere_127-1024x379.jpg 1024w, http:\/\/les-jardins-du-bien-etre.com\/wp-content\/uploads\/2024\/05\/baniere_127.jpg 1080w\" sizes=\"(max-width: 720px) 100vw, 720px\" alt=\"\" \t\tclass=\"so-widget-image\"\/>\n\t<\/div>\n\n<\/div><\/div><\/div><\/div><div id=\"pg-1223-2\"  class=\"panel-grid panel-has-style\" ><div class=\"wide-grey panel-row-style panel-row-style-for-1223-2\" ><div id=\"pgc-1223-2-0\"  class=\"panel-grid-cell\" ><div id=\"panel-1223-2-0-0\" class=\"so-panel widget widget_black-studio-tinymce widget_black_studio_tinymce panel-first-child\" data-index=\"2\" ><h3 class=\"widget-title\">LES FONDAMENTAUX DU DESSIN AVEC ZOOM<\/h3><div class=\"textwidget\"><p><i>Le but de ce mini stage est de stimuler des savoir faire de base pour vous initier au dessin artistique .<\/i><\/p>\n<p><i>Des mini exercices d\u2019\u00e9chauffement et des images photos seront les supports pour structurer cet apprentissage <\/i><i>.<\/i><\/p>\n<p><i>Nous explorerons le crayon graphite , le stylo\u00a0 <\/i><i>bic <\/i><i>, le feutre fin noir ,\u00a0 la plume et le pinceau avec l'encre .<\/i><\/p>\n<p><span style=\"text-decoration: underline;\"><span style=\"font-size: 20px;\">Stage de 4 s\u00e9ances de 2h le mercredi soir de 18h \u00e0 20h\u00a0<\/span><\/span><\/p>\n<p><em><strong>Vous donner des cl\u00e9s pour oser dessiner et prendre plaisir \u00e0 cr\u00e9er vos premi\u00e8res \u0153uvres .<\/strong><\/em><\/p>\n<\/div><\/div><div id=\"panel-1223-2-0-1\" class=\"so-panel widget widget_black-studio-tinymce widget_black_studio_tinymce panel-last-child\" data-index=\"3\" ><div class=\"textwidget\"><ul>\n<li><span style=\"font-size: 16px;\"><strong><span style=\"font-size: 16px;\">Observer et voir<\/span> :<\/strong> <span style=\"font-size: 12px;\"><em>d\u00e9velopper un regard artistique pour mieux appr\u00e9hender les formes et les volumes<\/em><\/span><\/span><\/li>\n<li><strong><span style=\"font-size: 16px;\">Les lignes et les formes :<\/span> <\/strong><span style=\"font-size: 12px;\"><em>maitriser les traits de base , les formes g\u00e9om\u00e9triques simples et complexes<\/em><\/span><\/li>\n<li><span style=\"font-size: 16px;\"><strong>Lumi\u00e8re , ombre et valeurs : <\/strong><span style=\"font-size: 12px;\"><em>apprendre\u00a0 \u00e0 cr\u00e9er du volume et du relief gr\u00e2ce aux valeurs\u00a0<\/em><\/span><\/span><\/li>\n<li><span style=\"font-size: 16px;\"><strong>La perspective simple : <\/strong><\/span><span style=\"font-size: 12px;\"><em>la perspective lin\u00e9aire et la perspective atmosph\u00e9rique pour donner\u00a0 de la profondeur \u00e0 vos dessins<\/em><\/span><\/li>\n<\/ul>\n<p><b>\u00a0<span style=\"font-size: 20px;\">COMMENT S'INSCRIRE<\/span><\/b><\/p>\n<ul>\n<li>Choisissez votre stage ou vos stages pr\u00e9f\u00e9r\u00e9s<\/li>\n<li>Contactez Catherine ALEXIS par mail ou par t\u00e9l\u00e9phone<\/li>\n<li><strong>catherine.alexis@wanadoo.fr \/ 06 11 50 01 88<\/strong><\/li>\n<li>Recevez les informations de paiement , le lien zoom et la liste de mat\u00e9riel<\/li>\n<li>Connectez vous le jour J et laissez s'exprimer votre cr\u00e9ativit\u00e9<\/li>\n<\/ul>\n<p>&nbsp;<\/p>\n<\/div><\/div><\/div><\/div><\/div><div id=\"pg-1223-3\"  class=\"panel-grid panel-no-style\" ><div id=\"pgc-1223-3-0\"  class=\"panel-grid-cell panel-grid-cell-empty\" ><\/div><div id=\"pgc-1223-3-1\"  class=\"panel-grid-cell panel-grid-cell-mobile-last\" ><div id=\"panel-1223-3-1-0\" class=\"so-panel widget widget_headline-widget panel-first-child panel-last-child\" data-index=\"4\" >\t\t<h1>GROUPE DE 3 \u00e0 6 PERSONNES<\/h1>\n\t\t<div class=\"decoration\"><div class=\"decoration-inside\"><\/div><\/div>\n\t\t<h3>MODALITES PRATIQUES<\/h3>\n\t\t<\/div><\/div><div id=\"pgc-1223-3-2\"  class=\"panel-grid-cell panel-grid-cell-empty\" ><\/div><\/div><div id=\"pg-1223-4\"  class=\"panel-grid panel-no-style\" ><div id=\"pgc-1223-4-0\"  class=\"panel-grid-cell panel-grid-cell-empty\" ><\/div><div id=\"pgc-1223-4-1\"  class=\"panel-grid-cell\" ><div id=\"panel-1223-4-1-0\" class=\"so-panel widget widget_circleicon-widget panel-first-child panel-last-child\" data-index=\"5\" >\t\t<div class=\"circle-icon-box circle-icon-position-top circle-icon-hide-box circle-icon-size-small\">\n\t\t\t<div class=\"circle-icon-wrapper\">\n\t\t\t\t\t\t\t\t<div class=\"circle-icon\" >\n\t\t\t\t\t<div class=\"fa fa-info\" ><\/div>\t\t\t\t<\/div>\n\t\t\t\t\t\t\t<\/div>\n\n\t\t\t\t\t\t<h4 >Inscription<\/h4>\t\t\t\n\t\t\t<p class=\"text\" >Par mail ou tel     catherine.alexis@wanadoo.fr        0611500188<\/p>\t\t\t\t\t<\/div>\n\t\t<\/div><\/div><div id=\"pgc-1223-4-2\"  class=\"panel-grid-cell\" ><div id=\"panel-1223-4-2-0\" class=\"so-panel widget widget_circleicon-widget panel-first-child panel-last-child\" data-index=\"6\" >\t\t<div class=\"circle-icon-box circle-icon-position-top circle-icon-hide-box circle-icon-size-small\">\n\t\t\t<div class=\"circle-icon-wrapper\">\n\t\t\t\t\t\t\t\t<div class=\"circle-icon\" >\n\t\t\t\t\t<div class=\"fa fa-euro\" ><\/div>\t\t\t\t<\/div>\n\t\t\t\t\t\t\t<\/div>\n\n\t\t\t\t\t\t<h4 >Tarifs<\/h4>\t\t\t\n\t\t\t<p class=\"text\" >    100\u20ac  ( pour 8h de stage )   + 30\u20ac cotisation annuelle association \/ Si inscription \u00e0 un autre stage 80\u20ac <\/p>\t\t\t\t\t<\/div>\n\t\t<\/div><\/div><div id=\"pgc-1223-4-3\"  class=\"panel-grid-cell panel-grid-cell-mobile-last\" ><div id=\"panel-1223-4-3-0\" class=\"so-panel widget widget_circleicon-widget panel-first-child panel-last-child\" data-index=\"7\" >\t\t<div class=\"circle-icon-box circle-icon-position-top circle-icon-hide-box circle-icon-size-small\">\n\t\t\t<div class=\"circle-icon-wrapper\">\n\t\t\t\t\t\t\t\t<div class=\"circle-icon\" >\n\t\t\t\t\t<div class=\"fa fa-clock-o\" ><\/div>\t\t\t\t<\/div>\n\t\t\t\t\t\t\t<\/div>\n\n\t\t\t\t\t\t<h4 >Dates et Horaires<\/h4>\t\t\t\n\t\t\t<p class=\"text\" >               MERCREDI    de 18H -20H<\/p>\t\t\t\t\t<\/div>\n\t\t<\/div><\/div><div id=\"pgc-1223-4-4\"  class=\"panel-grid-cell panel-grid-cell-empty\" ><\/div><\/div><div id=\"pg-1223-5\"  class=\"panel-grid panel-no-style\" ><div id=\"pgc-1223-5-0\"  class=\"panel-grid-cell\" ><div id=\"panel-1223-5-0-0\" class=\"so-panel widget widget_headline-widget panel-first-child panel-last-child\" data-index=\"8\" >\t\t<h1>Session 2025-2026<\/h1>\n\t\t<div class=\"decoration\"><div class=\"decoration-inside\"><\/div><\/div>\n\t\t<h3>INSCRITION POUR LE CYCLE COMPLET<\/h3>\n\t\t<\/div><\/div><\/div><div id=\"pg-1223-6\"  class=\"panel-grid panel-no-style\" ><div id=\"pgc-1223-6-0\"  class=\"panel-grid-cell panel-grid-cell-empty\" ><\/div><div id=\"pgc-1223-6-1\"  class=\"panel-grid-cell\" ><div id=\"panel-1223-6-1-0\" class=\"so-panel widget widget_black-studio-tinymce widget_black_studio_tinymce panel-first-child panel-last-child\" data-index=\"9\" ><div class=\"infosRounded panel-widget-style panel-widget-style-for-1223-6-1-0\" ><div class=\"textwidget\"><p style=\"text-align: center;\"><span style=\"font-size: 16px;\"><strong>15 Oct \/ 5 Nov \/ 19 Nov \/ 10 Dec 2025<\/strong><\/span><\/p>\n<p style=\"text-align: center;\"><\/p>\n<p style=\"text-align: center;\"><\/p><\/div><\/div><\/div><\/div><div id=\"pgc-1223-6-2\"  class=\"panel-grid-cell panel-grid-cell-empty panel-grid-cell-mobile-last\" ><\/div><div id=\"pgc-1223-6-3\"  class=\"panel-grid-cell panel-grid-cell-empty\" ><\/div><\/div><\/div>","protected":false},"excerpt":{"rendered":"<p>Enrichir sa mani\u00e8re de voir Observer, comprendre et retranscrire ce que je vois . LES FONDAMENTAUX DU DESSIN AVEC ZOOMLe but de ce mini stage est de stimuler des savoir faire de base pour vous initier au dessin artistique . Des mini exercices d\u2019\u00e9chauffement et des images photos seront les supports pour structurer cet apprentissage [&hellip;]<\/p>\n","protected":false},"author":3,"featured_media":0,"parent":0,"menu_order":0,"comment_status":"closed","ping_status":"closed","template":"","meta":{"_exactmetrics_skip_tracking":false,"_exactmetrics_sitenote_active":false,"_exactmetrics_sitenote_note":"","_exactmetrics_sitenote_category":0,"footnotes":""},"class_list":["post-1223","page","type-page","status-publish","hentry","post"],"_links":{"self":[{"href":"http:\/\/les-jardins-du-bien-etre.com\/index.php?rest_route=\/wp\/v2\/pages\/1223","targetHints":{"allow":["GET"]}}],"collection":[{"href":"http:\/\/les-jardins-du-bien-etre.com\/index.php?rest_route=\/wp\/v2\/pages"}],"about":[{"href":"http:\/\/les-jardins-du-bien-etre.com\/index.php?rest_route=\/wp\/v2\/types\/page"}],"author":[{"embeddable":true,"href":"http:\/\/les-jardins-du-bien-etre.com\/index.php?rest_route=\/wp\/v2\/users\/3"}],"replies":[{"embeddable":true,"href":"http:\/\/les-jardins-du-bien-etre.com\/index.php?rest_route=%2Fwp%2Fv2%2Fcomments&post=1223"}],"version-history":[{"count":1,"href":"http:\/\/les-jardins-du-bien-etre.com\/index.php?rest_route=\/wp\/v2\/pages\/1223\/revisions"}],"predecessor-version":[{"id":1224,"href":"http:\/\/les-jardins-du-bien-etre.com\/index.php?rest_route=\/wp\/v2\/pages\/1223\/revisions\/1224"}],"wp:attachment":[{"href":"http:\/\/les-jardins-du-bien-etre.com\/index.php?rest_route=%2Fwp%2Fv2%2Fmedia&parent=1223"}],"curies":[{"name":"wp","href":"https:\/\/api.w.org\/{rel}","templated":true}]}}