{"id":1225,"date":"2025-07-20T18:15:49","date_gmt":"2025-07-20T18:15:49","guid":{"rendered":"http:\/\/les-jardins-du-bien-etre.com\/?page_id=1225"},"modified":"2025-07-21T07:44:55","modified_gmt":"2025-07-21T07:44:55","slug":"debuter-ou-se-perfectionner-a-laquarelle","status":"publish","type":"page","link":"http:\/\/les-jardins-du-bien-etre.com\/?page_id=1225","title":{"rendered":"D\u00e9buter ou se perfectionner a l&rsquo;aquarelle"},"content":{"rendered":"<div id=\"pl-1225\"  class=\"panel-layout\" ><div id=\"pg-1225-0\"  class=\"panel-grid panel-no-style\" ><div id=\"pgc-1225-0-0\"  class=\"panel-grid-cell\" ><div id=\"panel-1225-0-0-0\" class=\"so-panel widget widget_headline-widget panel-first-child panel-last-child\" data-index=\"0\" >\t\t<h1>D\u00e9buter ou se perfectionner a l'aquarelle<\/h1>\n\t\t<div class=\"decoration\"><div class=\"decoration-inside\"><\/div><\/div>\n\t\t<h3>D\u00e9couvrir la magie de l'aquarelle, ses couleurs vibrantes et sa l\u00e9g\u00e8ret\u00e9<\/h3>\n\t\t<\/div><\/div><\/div><div id=\"pg-1225-1\"  class=\"panel-grid panel-no-style\" ><div id=\"pgc-1225-1-0\"  class=\"panel-grid-cell\" ><div id=\"panel-1225-1-0-0\" class=\"so-panel widget widget_sow-image panel-first-child panel-last-child\" data-index=\"1\" ><div\n\t\t\t\n\t\t\tclass=\"so-widget-sow-image so-widget-sow-image-default-c67d20f9f743-1225\"\n\t\t\t\n\t\t>\n<div class=\"sow-image-container\">\n\t\t<img \n\tsrc=\"http:\/\/les-jardins-du-bien-etre.com\/wp-content\/uploads\/2024\/05\/simon-alexis-109-262x300.jpg\" width=\"262\" height=\"300\" srcset=\"http:\/\/les-jardins-du-bien-etre.com\/wp-content\/uploads\/2024\/05\/simon-alexis-109-262x300.jpg 262w, http:\/\/les-jardins-du-bien-etre.com\/wp-content\/uploads\/2024\/05\/simon-alexis-109-893x1024.jpg 893w, http:\/\/les-jardins-du-bien-etre.com\/wp-content\/uploads\/2024\/05\/simon-alexis-109-768x880.jpg 768w, http:\/\/les-jardins-du-bien-etre.com\/wp-content\/uploads\/2024\/05\/simon-alexis-109-1340x1536.jpg 1340w, http:\/\/les-jardins-du-bien-etre.com\/wp-content\/uploads\/2024\/05\/simon-alexis-109.jpg 1396w\" sizes=\"(max-width: 262px) 100vw, 262px\" alt=\"\" \t\tclass=\"so-widget-image\"\/>\n\t<\/div>\n\n<\/div><\/div><\/div><\/div><div id=\"pg-1225-2\"  class=\"panel-grid panel-has-style\" ><div class=\"wide-grey panel-row-style panel-row-style-for-1225-2\" ><div id=\"pgc-1225-2-0\"  class=\"panel-grid-cell\" ><div id=\"panel-1225-2-0-0\" class=\"so-panel widget widget_black-studio-tinymce widget_black_studio_tinymce panel-first-child\" data-index=\"2\" ><h3 class=\"widget-title\">LES FONDAMENTAUX DE L&rsquo;AQUARELLE AVEC ZOOM<\/h3><div class=\"textwidget\"><p><span style=\"text-decoration: underline;\"><span style=\"font-size: 20px;\">Cycle de 4 s\u00e9ances de 2h le mercredi soir de 18h \u00e0 20H\u00a0<\/span><\/span><\/p>\n<\/div><\/div><div id=\"panel-1225-2-0-1\" class=\"so-panel widget widget_black-studio-tinymce widget_black_studio_tinymce panel-last-child\" data-index=\"3\" ><div class=\"textwidget\"><p><b>Se familiariser avec ce medium fascinant et r\u00e9aliser vos compositions color\u00e9es de fa\u00e7on ludique ..<\/b><\/p>\n<ul>\n<li><span style=\"font-size: 16px;\"><strong>Les bases de l'aquarelle<\/strong> <\/span>: <span style=\"font-size: 12px;\"><em>faire connaissance avec le mat\u00e9riel , les lavis , le m\u00e9lange des couleurs \u00e0 partir des primaires , technique humide sur humide , humide sur sec<\/em><\/span><\/li>\n<li><span style=\"font-size: 16px;\"><strong>Lumi\u00e8re , ombre et cr\u00e9ation de volume <\/strong>:<\/span> <span style=\"font-size: 12px;\"><em>comprendre la source de lumi\u00e8re et son impact sur les ombres port\u00e9es et propres , les valeurs du clair au fonc\u00e9 , introduction au contraste<\/em><\/span><\/li>\n<li><span style=\"font-size: 16px;\"><strong>Composition et petits motifs<\/strong> :<\/span> <span style=\"font-size: 12px;\"><em>les r\u00e8gles de la composition , choisir son sujet et le simplifier en aquarelle , esquisser un dessin pr\u00e9paratoire \u00e0 partir de petits motifs , composer avec 2 ou 3 \u00e9l\u00e9ments\u00a0<\/em><\/span><\/li>\n<li><span style=\"font-size: 16px;\"><strong>R\u00e9alisation d'un mini projet<\/strong> :<\/span> <em><span style=\"font-size: 12px;\">A partir d'un sujet simple et int\u00e9ressant visuellement ,chacun travaille en direct sur son projet avec mon accompagnement<\/span><\/em><\/li>\n<\/ul>\n<p>&nbsp;<\/p>\n<p><b>\u00a0 \u00a0 \u00a0 \u00a0 \u00a0COMMENT S'INSCRIRE<\/b><\/p>\n<ul>\n<li>Choisissez votre stage ou vos stages pr\u00e9f\u00e9r\u00e9s<\/li>\n<li>Contactez Catherine ALEXIS par mail ou par t\u00e9l\u00e9phone<\/li>\n<li>Recevez les informations de paiement , le lien zoom et la liste de mat\u00e9riel<\/li>\n<li>Connectez vous le jour J et laissez s'exprimer votre cr\u00e9ativit\u00e9<\/li>\n<\/ul>\n<p>&nbsp;<\/p>\n<\/div><\/div><\/div><\/div><\/div><div id=\"pg-1225-3\"  class=\"panel-grid panel-no-style\" ><div id=\"pgc-1225-3-0\"  class=\"panel-grid-cell panel-grid-cell-empty\" ><\/div><div id=\"pgc-1225-3-1\"  class=\"panel-grid-cell panel-grid-cell-mobile-last\" ><div id=\"panel-1225-3-1-0\" class=\"so-panel widget widget_headline-widget panel-first-child panel-last-child\" data-index=\"4\" >\t\t<h1>GROUPE DE 3 \u00e0 6 PERSONNES<\/h1>\n\t\t<div class=\"decoration\"><div class=\"decoration-inside\"><\/div><\/div>\n\t\t<h3>MODALITES PRATIQUES<\/h3>\n\t\t<\/div><\/div><div id=\"pgc-1225-3-2\"  class=\"panel-grid-cell panel-grid-cell-empty\" ><\/div><\/div><div id=\"pg-1225-4\"  class=\"panel-grid panel-no-style\" ><div id=\"pgc-1225-4-0\"  class=\"panel-grid-cell panel-grid-cell-empty\" ><\/div><div id=\"pgc-1225-4-1\"  class=\"panel-grid-cell\" ><div id=\"panel-1225-4-1-0\" class=\"so-panel widget widget_circleicon-widget panel-first-child panel-last-child\" data-index=\"5\" >\t\t<div class=\"circle-icon-box circle-icon-position-top circle-icon-hide-box circle-icon-size-small\">\n\t\t\t<div class=\"circle-icon-wrapper\">\n\t\t\t\t\t\t\t\t<div class=\"circle-icon\" >\n\t\t\t\t\t<div class=\"fa fa-info\" ><\/div>\t\t\t\t<\/div>\n\t\t\t\t\t\t\t<\/div>\n\n\t\t\t\t\t\t<h4 >Inscription<\/h4>\t\t\t\n\t\t\t<p class=\"text\" >Par mail ou tel     catherine.alexis@wanadoo.fr        0611500188<\/p>\t\t\t\t\t<\/div>\n\t\t<\/div><\/div><div id=\"pgc-1225-4-2\"  class=\"panel-grid-cell\" ><div id=\"panel-1225-4-2-0\" class=\"so-panel widget widget_circleicon-widget panel-first-child panel-last-child\" data-index=\"6\" >\t\t<div class=\"circle-icon-box circle-icon-position-top circle-icon-hide-box circle-icon-size-small\">\n\t\t\t<div class=\"circle-icon-wrapper\">\n\t\t\t\t\t\t\t\t<div class=\"circle-icon\" >\n\t\t\t\t\t<div class=\"fa fa-euro\" ><\/div>\t\t\t\t<\/div>\n\t\t\t\t\t\t\t<\/div>\n\n\t\t\t\t\t\t<h4 >Tarifs<\/h4>\t\t\t\n\t\t\t<p class=\"text\" >    100\u20ac  ( pour 8h de stage )  + 30\u20ac cotisation annuelle association \/ Si inscription \u00e0 un autre stage 80\u20ac<\/p>\t\t\t\t\t<\/div>\n\t\t<\/div><\/div><div id=\"pgc-1225-4-3\"  class=\"panel-grid-cell panel-grid-cell-mobile-last\" ><div id=\"panel-1225-4-3-0\" class=\"so-panel widget widget_circleicon-widget panel-first-child panel-last-child\" data-index=\"7\" >\t\t<div class=\"circle-icon-box circle-icon-position-top circle-icon-hide-box circle-icon-size-small\">\n\t\t\t<div class=\"circle-icon-wrapper\">\n\t\t\t\t\t\t\t\t<div class=\"circle-icon\" >\n\t\t\t\t\t<div class=\"fa fa-clock-o\" ><\/div>\t\t\t\t<\/div>\n\t\t\t\t\t\t\t<\/div>\n\n\t\t\t\t\t\t<h4 >Dates et Horaires<\/h4>\t\t\t\n\t\t\t<p class=\"text\" >                 Mercredi   de 18H -20H<\/p>\t\t\t\t\t<\/div>\n\t\t<\/div><\/div><div id=\"pgc-1225-4-4\"  class=\"panel-grid-cell panel-grid-cell-empty\" ><\/div><\/div><div id=\"pg-1225-5\"  class=\"panel-grid panel-no-style\" ><div id=\"pgc-1225-5-0\"  class=\"panel-grid-cell\" ><div id=\"panel-1225-5-0-0\" class=\"so-panel widget widget_headline-widget panel-first-child panel-last-child\" data-index=\"8\" >\t\t<h1>Session 2025-2026<\/h1>\n\t\t<div class=\"decoration\"><div class=\"decoration-inside\"><\/div><\/div>\n\t\t<h3>INSCRITION POUR LE CYCLE COMPLET<\/h3>\n\t\t<\/div><\/div><\/div><div id=\"pg-1225-6\"  class=\"panel-grid panel-no-style\" ><div id=\"pgc-1225-6-0\"  class=\"panel-grid-cell panel-grid-cell-empty\" ><\/div><div id=\"pgc-1225-6-1\"  class=\"panel-grid-cell\" ><div id=\"panel-1225-6-1-0\" class=\"so-panel widget widget_black-studio-tinymce widget_black_studio_tinymce panel-first-child panel-last-child\" data-index=\"9\" ><div class=\"infosRounded panel-widget-style panel-widget-style-for-1225-6-1-0\" ><div class=\"textwidget\"><p style=\"text-align: center;\"><span style=\"font-size: 16px;\"><strong><span style=\"font-size: 16px;\">7 \/01 - 21 \/ 01 -\u00a0 4 \/02 - 11\/03 \/2026<\/span><\/strong><\/span><\/p>\n<p style=\"text-align: center;\"><\/p><\/div><\/div><\/div><\/div><div id=\"pgc-1225-6-2\"  class=\"panel-grid-cell panel-grid-cell-empty panel-grid-cell-mobile-last\" ><\/div><div id=\"pgc-1225-6-3\"  class=\"panel-grid-cell panel-grid-cell-empty\" ><\/div><\/div><\/div>","protected":false},"excerpt":{"rendered":"<p>D\u00e9buter ou se perfectionner a l&rsquo;aquarelle D\u00e9couvrir la magie de l&rsquo;aquarelle, ses couleurs vibrantes et sa l\u00e9g\u00e8ret\u00e9 LES FONDAMENTAUX DE L&rsquo;AQUARELLE AVEC ZOOMCycle de 4 s\u00e9ances de 2h le mercredi soir de 18h \u00e0 20H\u00a0 Se familiariser avec ce medium fascinant et r\u00e9aliser vos compositions color\u00e9es de fa\u00e7on ludique .. Les bases de l&rsquo;aquarelle : [&hellip;]<\/p>\n","protected":false},"author":3,"featured_media":0,"parent":0,"menu_order":0,"comment_status":"closed","ping_status":"closed","template":"","meta":{"_exactmetrics_skip_tracking":false,"_exactmetrics_sitenote_active":false,"_exactmetrics_sitenote_note":"","_exactmetrics_sitenote_category":0,"footnotes":""},"class_list":["post-1225","page","type-page","status-publish","hentry","post"],"_links":{"self":[{"href":"http:\/\/les-jardins-du-bien-etre.com\/index.php?rest_route=\/wp\/v2\/pages\/1225","targetHints":{"allow":["GET"]}}],"collection":[{"href":"http:\/\/les-jardins-du-bien-etre.com\/index.php?rest_route=\/wp\/v2\/pages"}],"about":[{"href":"http:\/\/les-jardins-du-bien-etre.com\/index.php?rest_route=\/wp\/v2\/types\/page"}],"author":[{"embeddable":true,"href":"http:\/\/les-jardins-du-bien-etre.com\/index.php?rest_route=\/wp\/v2\/users\/3"}],"replies":[{"embeddable":true,"href":"http:\/\/les-jardins-du-bien-etre.com\/index.php?rest_route=%2Fwp%2Fv2%2Fcomments&post=1225"}],"version-history":[{"count":1,"href":"http:\/\/les-jardins-du-bien-etre.com\/index.php?rest_route=\/wp\/v2\/pages\/1225\/revisions"}],"predecessor-version":[{"id":1226,"href":"http:\/\/les-jardins-du-bien-etre.com\/index.php?rest_route=\/wp\/v2\/pages\/1225\/revisions\/1226"}],"wp:attachment":[{"href":"http:\/\/les-jardins-du-bien-etre.com\/index.php?rest_route=%2Fwp%2Fv2%2Fmedia&parent=1225"}],"curies":[{"name":"wp","href":"https:\/\/api.w.org\/{rel}","templated":true}]}}