{"id":1227,"date":"2025-07-20T18:17:15","date_gmt":"2025-07-20T18:17:15","guid":{"rendered":"http:\/\/les-jardins-du-bien-etre.com\/?page_id=1227"},"modified":"2025-07-21T07:50:41","modified_gmt":"2025-07-21T07:50:41","slug":"pratiquer-laquarelle-creative-et-le-zentangle","status":"publish","type":"page","link":"http:\/\/les-jardins-du-bien-etre.com\/?page_id=1227","title":{"rendered":"Pratiquer l&rsquo;aquarelle cr\u00e9ative et le zentangle"},"content":{"rendered":"<div id=\"pl-1227\"  class=\"panel-layout\" ><div id=\"pg-1227-0\"  class=\"panel-grid panel-no-style\" ><div id=\"pgc-1227-0-0\"  class=\"panel-grid-cell\" ><div id=\"panel-1227-0-0-0\" class=\"so-panel widget widget_headline-widget panel-first-child panel-last-child\" data-index=\"0\" >\t\t<h1>Pratiquer l'aquarelle cr\u00e9ative et le zentangle<\/h1>\n\t\t<div class=\"decoration\"><div class=\"decoration-inside\"><\/div><\/div>\n\t\t<h3>Une exploration ludique qui offre \u00e0 la fois libert\u00e9 de la couleur et la satisfaction de la cr\u00e9ation de motifs \u00e9labor\u00e9s<\/h3>\n\t\t<\/div><\/div><\/div><div id=\"pg-1227-1\"  class=\"panel-grid panel-no-style\" ><div id=\"pgc-1227-1-0\"  class=\"panel-grid-cell\" ><div id=\"panel-1227-1-0-0\" class=\"so-panel widget widget_sow-image panel-first-child panel-last-child\" data-index=\"1\" ><div\n\t\t\t\n\t\t\tclass=\"so-widget-sow-image so-widget-sow-image-default-c67d20f9f743-1227\"\n\t\t\t\n\t\t>\n<div class=\"sow-image-container\">\n\t\t<img \n\tsrc=\"http:\/\/les-jardins-du-bien-etre.com\/wp-content\/uploads\/2025\/07\/zentangle-203x300.jpg\" width=\"203\" height=\"300\" srcset=\"http:\/\/les-jardins-du-bien-etre.com\/wp-content\/uploads\/2025\/07\/zentangle-203x300.jpg 203w, http:\/\/les-jardins-du-bien-etre.com\/wp-content\/uploads\/2025\/07\/zentangle-693x1024.jpg 693w, http:\/\/les-jardins-du-bien-etre.com\/wp-content\/uploads\/2025\/07\/zentangle-768x1135.jpg 768w, http:\/\/les-jardins-du-bien-etre.com\/wp-content\/uploads\/2025\/07\/zentangle.jpg 965w\" sizes=\"(max-width: 203px) 100vw, 203px\" alt=\"\" \t\tclass=\"so-widget-image\"\/>\n\t<\/div>\n\n<\/div><\/div><\/div><\/div><div id=\"pg-1227-2\"  class=\"panel-grid panel-has-style\" ><div class=\"wide-grey panel-row-style panel-row-style-for-1227-2\" ><div id=\"pgc-1227-2-0\"  class=\"panel-grid-cell\" ><div id=\"panel-1227-2-0-0\" class=\"so-panel widget widget_black-studio-tinymce widget_black_studio_tinymce panel-first-child\" data-index=\"2\" ><h3 class=\"widget-title\">PRATiQUER L&rsquo;AQUARELLE CREATIVE ET LE ZENTANGLE AVEC ZOOM<\/h3><div class=\"textwidget\"><p><span style=\"text-decoration: underline;\"><span style=\"font-size: 20px;\">Stage de 4 s\u00e9ances de 2h le mercredi soir de 18h \u00e0 20h<\/span><\/span><\/p>\n<\/div><\/div><div id=\"panel-1227-2-0-1\" class=\"so-panel widget widget_black-studio-tinymce widget_black_studio_tinymce panel-last-child\" data-index=\"3\" ><div class=\"textwidget\"><ul>\n<li><span style=\"font-size: 16px;\"><strong>L'eau et l'encre<\/strong> :<\/span> <em><span style=\"font-size: 12px;\">jouer avec l'eau et la couleur , les d\u00e9grad\u00e9s dans l'humide et le sec , cr\u00e9er 2 ou 3 zentangles simples et faire une composition cr\u00e9ative<\/span><\/em><\/li>\n<li><span style=\"font-size: 16px;\"><strong>Couleurs et formes<\/strong> :<\/span> <em><span style=\"font-size: 12px;\">cr\u00e9er des formes al\u00e9atoires avec les encres, cr\u00e9er des textures ( \u00e9claboussures, coulures ,taches ) et cr\u00e9er plusieurs fonds , exp\u00e9rimenter de nouveaux motifs de zentangle qui \u00e9pousent les taches de couleurs\u00a0<\/span><\/em><\/li>\n<li><strong><span style=\"font-size: 16px;\">Harmonie et contraste , profondeur et d\u00e9tail :<\/span><\/strong> <em><span style=\"font-size: 12px;\">superposer des couches, cr\u00e9er des textures, apporter de la lumi\u00e8re et de l'ombre pour donner du volume , cr\u00e9er des bordures avec des \u00e9l\u00e9ments r\u00e9p\u00e9titifs complexes .<\/span><\/em><\/li>\n<li><span style=\"font-size: 16px;\"><strong>Composition finale et exploration personnelle :<\/strong><em><span style=\"font-size: 12px;\">revoir les techniques , cr\u00e9er un fond color\u00e9 avec transition de couleurs, \u00e0 partir d'un th\u00e8me donn\u00e9 r\u00e9aliser une \u0153uvre personnelle\u00a0<\/span><\/em><\/span><\/li>\n<\/ul>\n<p>&nbsp;<\/p>\n<p>COMMENT S'INSCRIRE<\/p>\n<ul>\n<li>\u00a0 \u00a0Choisissez votre stage ou vos stages pr\u00e9f\u00e9r\u00e9s<\/li>\n<li>\u00a0 \u00a0Contactez Catherine Alexis par mail ou tel<\/li>\n<li>\u00a0 \u00a0Recevez les informations de paiement, le lien zoom et la liste de mat\u00e9riel<\/li>\n<li>\u00a0 \u00a0Connectez vous le jour J et laissez s'exprimez votre cr\u00e9ativit\u00e9<\/li>\n<\/ul>\n<\/div><\/div><\/div><\/div><\/div><div id=\"pg-1227-3\"  class=\"panel-grid panel-no-style\" ><div id=\"pgc-1227-3-0\"  class=\"panel-grid-cell panel-grid-cell-empty\" ><\/div><div id=\"pgc-1227-3-1\"  class=\"panel-grid-cell panel-grid-cell-mobile-last\" ><div id=\"panel-1227-3-1-0\" class=\"so-panel widget widget_headline-widget panel-first-child panel-last-child\" data-index=\"4\" >\t\t<h1>GROUPE DE 3 \u00e0 6 PERSONNES<\/h1>\n\t\t<div class=\"decoration\"><div class=\"decoration-inside\"><\/div><\/div>\n\t\t<h3>MODALITES PRATIQUES<\/h3>\n\t\t<\/div><\/div><div id=\"pgc-1227-3-2\"  class=\"panel-grid-cell panel-grid-cell-empty\" ><\/div><\/div><div id=\"pg-1227-4\"  class=\"panel-grid panel-no-style\" ><div id=\"pgc-1227-4-0\"  class=\"panel-grid-cell panel-grid-cell-empty\" ><\/div><div id=\"pgc-1227-4-1\"  class=\"panel-grid-cell\" ><div id=\"panel-1227-4-1-0\" class=\"so-panel widget widget_circleicon-widget panel-first-child panel-last-child\" data-index=\"5\" >\t\t<div class=\"circle-icon-box circle-icon-position-top circle-icon-hide-box circle-icon-size-small\">\n\t\t\t<div class=\"circle-icon-wrapper\">\n\t\t\t\t\t\t\t\t<div class=\"circle-icon\" >\n\t\t\t\t\t<div class=\"fa fa-info\" ><\/div>\t\t\t\t<\/div>\n\t\t\t\t\t\t\t<\/div>\n\n\t\t\t\t\t\t<h4 >Inscription<\/h4>\t\t\t\n\t\t\t<p class=\"text\" >Par mail ou tel     catherine.alexis@wanadoo.fr        0611500188<\/p>\t\t\t\t\t<\/div>\n\t\t<\/div><\/div><div id=\"pgc-1227-4-2\"  class=\"panel-grid-cell\" ><div id=\"panel-1227-4-2-0\" class=\"so-panel widget widget_circleicon-widget panel-first-child panel-last-child\" data-index=\"6\" >\t\t<div class=\"circle-icon-box circle-icon-position-top circle-icon-hide-box circle-icon-size-small\">\n\t\t\t<div class=\"circle-icon-wrapper\">\n\t\t\t\t\t\t\t\t<div class=\"circle-icon\" >\n\t\t\t\t\t<div class=\"fa fa-euro\" ><\/div>\t\t\t\t<\/div>\n\t\t\t\t\t\t\t<\/div>\n\n\t\t\t\t\t\t<h4 >Tarifs<\/h4>\t\t\t\n\t\t\t<p class=\"text\" >    100\u20ac  (pour 8h de stage)  + 30\u20ac cotisation annuelle association \/ Si inscription \u00e0 un autre stage 80\u20ac<\/p>\t\t\t\t\t<\/div>\n\t\t<\/div><\/div><div id=\"pgc-1227-4-3\"  class=\"panel-grid-cell panel-grid-cell-mobile-last\" ><div id=\"panel-1227-4-3-0\" class=\"so-panel widget widget_circleicon-widget panel-first-child panel-last-child\" data-index=\"7\" >\t\t<div class=\"circle-icon-box circle-icon-position-top circle-icon-hide-box circle-icon-size-small\">\n\t\t\t<div class=\"circle-icon-wrapper\">\n\t\t\t\t\t\t\t\t<div class=\"circle-icon\" >\n\t\t\t\t\t<div class=\"fa fa-clock-o\" ><\/div>\t\t\t\t<\/div>\n\t\t\t\t\t\t\t<\/div>\n\n\t\t\t\t\t\t<h4 >Dates et Horaires<\/h4>\t\t\t\n\t\t\t<p class=\"text\" >                 MERCREDI 18H -20H<\/p>\t\t\t\t\t<\/div>\n\t\t<\/div><\/div><div id=\"pgc-1227-4-4\"  class=\"panel-grid-cell panel-grid-cell-empty\" ><\/div><\/div><div id=\"pg-1227-5\"  class=\"panel-grid panel-no-style\" ><div id=\"pgc-1227-5-0\"  class=\"panel-grid-cell\" ><div id=\"panel-1227-5-0-0\" class=\"so-panel widget widget_headline-widget panel-first-child panel-last-child\" data-index=\"8\" >\t\t<h1>SESSION 2025-2026<\/h1>\n\t\t<div class=\"decoration\"><div class=\"decoration-inside\"><\/div><\/div>\n\t\t<h3><\/h3>\n\t\t<\/div><\/div><\/div><div id=\"pg-1227-6\"  class=\"panel-grid panel-no-style\" ><div id=\"pgc-1227-6-0\"  class=\"panel-grid-cell panel-grid-cell-empty\" ><\/div><div id=\"pgc-1227-6-1\"  class=\"panel-grid-cell\" ><div id=\"panel-1227-6-1-0\" class=\"so-panel widget widget_black-studio-tinymce widget_black_studio_tinymce panel-first-child panel-last-child\" data-index=\"9\" ><div class=\"infosRounded panel-widget-style panel-widget-style-for-1227-6-1-0\" ><div class=\"textwidget\"><p style=\"text-align: center;\"><span style=\"font-size: 16px;\"><strong><span style=\"font-size: 16px;\">8 \/04 - 6 \/ 05 - 27 \/05\/- 10\/06\u00a0 \/2026<\/span><\/strong><\/span><\/p>\n<p style=\"text-align: center;\"><\/p><\/div><\/div><\/div><\/div><div id=\"pgc-1227-6-2\"  class=\"panel-grid-cell panel-grid-cell-empty panel-grid-cell-mobile-last\" ><\/div><div id=\"pgc-1227-6-3\"  class=\"panel-grid-cell panel-grid-cell-empty\" ><\/div><\/div><\/div>","protected":false},"excerpt":{"rendered":"<p>Pratiquer l&rsquo;aquarelle cr\u00e9ative et le zentangle Une exploration ludique qui offre \u00e0 la fois libert\u00e9 de la couleur et la satisfaction de la cr\u00e9ation de motifs \u00e9labor\u00e9s PRATiQUER L&rsquo;AQUARELLE CREATIVE ET LE ZENTANGLE AVEC ZOOMStage de 4 s\u00e9ances de 2h le mercredi soir de 18h \u00e0 20h L&rsquo;eau et l&rsquo;encre : jouer avec l&rsquo;eau et [&hellip;]<\/p>\n","protected":false},"author":3,"featured_media":0,"parent":0,"menu_order":0,"comment_status":"closed","ping_status":"closed","template":"","meta":{"_exactmetrics_skip_tracking":false,"_exactmetrics_sitenote_active":false,"_exactmetrics_sitenote_note":"","_exactmetrics_sitenote_category":0,"footnotes":""},"class_list":["post-1227","page","type-page","status-publish","hentry","post"],"_links":{"self":[{"href":"http:\/\/les-jardins-du-bien-etre.com\/index.php?rest_route=\/wp\/v2\/pages\/1227","targetHints":{"allow":["GET"]}}],"collection":[{"href":"http:\/\/les-jardins-du-bien-etre.com\/index.php?rest_route=\/wp\/v2\/pages"}],"about":[{"href":"http:\/\/les-jardins-du-bien-etre.com\/index.php?rest_route=\/wp\/v2\/types\/page"}],"author":[{"embeddable":true,"href":"http:\/\/les-jardins-du-bien-etre.com\/index.php?rest_route=\/wp\/v2\/users\/3"}],"replies":[{"embeddable":true,"href":"http:\/\/les-jardins-du-bien-etre.com\/index.php?rest_route=%2Fwp%2Fv2%2Fcomments&post=1227"}],"version-history":[{"count":2,"href":"http:\/\/les-jardins-du-bien-etre.com\/index.php?rest_route=\/wp\/v2\/pages\/1227\/revisions"}],"predecessor-version":[{"id":1240,"href":"http:\/\/les-jardins-du-bien-etre.com\/index.php?rest_route=\/wp\/v2\/pages\/1227\/revisions\/1240"}],"wp:attachment":[{"href":"http:\/\/les-jardins-du-bien-etre.com\/index.php?rest_route=%2Fwp%2Fv2%2Fmedia&parent=1227"}],"curies":[{"name":"wp","href":"https:\/\/api.w.org\/{rel}","templated":true}]}}